{"version":"1.0","provider_name":"Daniel Su\u00e1rez","provider_url":"https:\/\/danielsuarezracing.com\/es\/","author_name":"Pablo Arellano","author_url":"https:\/\/danielsuarezracing.com\/es\/author\/acmconnect\/","title":"Su\u00e1rez termina 15\u00ba en Phoenix - Daniel Su\u00e1rez","type":"rich","width":600,"height":338,"html":"<blockquote class=\"wp-embedded-content\" data-secret=\"0D9w9yde9h\"><a href=\"https:\/\/danielsuarezracing.com\/es\/suarez-termina-15o-en-phoenix\/\">Su\u00e1rez termina 15\u00ba en Phoenix<\/a><\/blockquote><iframe sandbox=\"allow-scripts\" security=\"restricted\" src=\"https:\/\/danielsuarezracing.com\/es\/suarez-termina-15o-en-phoenix\/embed\/#?secret=0D9w9yde9h\" width=\"600\" height=\"338\" title=\"&#8220;Su\u00e1rez termina 15\u00ba en Phoenix&#8221; &#8212; Daniel Su\u00e1rez\" data-secret=\"0D9w9yde9h\" frameborder=\"0\" marginwidth=\"0\" marginheight=\"0\" scrolling=\"no\" class=\"wp-embedded-content\"><\/iframe><script type=\"text\/javascript\">\n\/* <![CDATA[ *\/\n\/*! This file is auto-generated *\/\n!function(d,l){\"use strict\";l.querySelector&&d.addEventListener&&\"undefined\"!=typeof URL&&(d.wp=d.wp||{},d.wp.receiveEmbedMessage||(d.wp.receiveEmbedMessage=function(e){var t=e.data;if((t||t.secret||t.message||t.value)&&!\/[^a-zA-Z0-9]\/.test(t.secret)){for(var s,r,n,a=l.querySelectorAll('iframe[data-secret=\"'+t.secret+'\"]'),o=l.querySelectorAll('blockquote[data-secret=\"'+t.secret+'\"]'),c=new RegExp(\"^https?:$\",\"i\"),i=0;i<o.length;i++)o[i].style.display=\"none\";for(i=0;i<a.length;i++)s=a[i],e.source===s.contentWindow&&(s.removeAttribute(\"style\"),\"height\"===t.message?(1e3<(r=parseInt(t.value,10))?r=1e3:~~r<200&&(r=200),s.height=r):\"link\"===t.message&&(r=new URL(s.getAttribute(\"src\")),n=new URL(t.value),c.test(n.protocol))&&n.host===r.host&&l.activeElement===s&&(d.top.location.href=t.value))}},d.addEventListener(\"message\",d.wp.receiveEmbedMessage,!1),l.addEventListener(\"DOMContentLoaded\",function(){for(var e,t,s=l.querySelectorAll(\"iframe.wp-embedded-content\"),r=0;r<s.length;r++)(t=(e=s[r]).getAttribute(\"data-secret\"))||(t=Math.random().toString(36).substring(2,12),e.src+=\"#?secret=\"+t,e.setAttribute(\"data-secret\",t)),e.contentWindow.postMessage({message:\"ready\",secret:t},\"*\")},!1)))}(window,document);\n\/\/# sourceURL=https:\/\/danielsuarezracing.com\/wp-includes\/js\/wp-embed.min.js\n\/* ]]> *\/\n<\/script>\n","thumbnail_url":"http:\/\/live-danielsuarezracing.pantheonsite.io\/wp-content\/uploads\/2019\/11\/1935HH5891-1024x725.jpg","thumbnail_width":1024,"thumbnail_height":725,"description":"Daniel Su\u00e1rez comenz\u00f3 el fin de semana en ISM Raceway buscando un buen resultado despu\u00e9s de un top 3 en Texas. Su\u00e1rez termin\u00f3 15\u00ba en la calificaci\u00f3n el s\u00e1bado con el objetivo de establecer una buena carrera para el Bluegreen Vacations 500. El piloto de Ford comenz\u00f3 la carrera el domingo 15 y se mantuvo [&hellip;]"}